{"id":28340,"date":"2023-05-25T14:09:47","date_gmt":"2023-05-25T12:09:47","guid":{"rendered":"https:\/\/aloeorganic.mk\/product\/aloe-vera-ne-saksi\/"},"modified":"2023-08-19T04:02:04","modified_gmt":"2023-08-19T02:02:04","slug":"aloe-vera-ne-saksi","status":"publish","type":"product","link":"https:\/\/aloeorganic.mk\/sq\/product\/aloe-vera-ne-saksi\/","title":{"rendered":"Aloe Vera n\u00eb saksi"},"content":{"rendered":"<div class=\"row\">\n<div class=\"col-xl-5 col-lg-5 col-md-6 col-sm-12 col-12\">\n              <img decoding=\"async\" class=\"alignnone wp-image-22335 size-full\" src=\"https:\/\/aloeorganic.mk\/wp-content\/uploads\/2023\/05\/aloe-vera-pot.jpg\" alt=\"\" width=\"548\" height=\"660\">\n            <\/div>\n<div class=\"col-xl-7 col-lg-7 col-md-6 col-sm-12 col-12\">\n<h2><span style=\"color: #008000;\"><strong>Farmaci natyrale me Aloe<\/strong> \u2013 <strong>p\u00ebrqafoni fuqin\u00eb e saj<\/strong> \u2013 <strong>bima e<\/strong> <strong>Aloe Ver\u00ebs<\/strong> <strong>n\u00eb saksi<\/strong><\/span><\/h2>\n<p><span style=\"color: #000000;\">Bima me origjin\u00eb nga Afrika e Veriut dhe sot Aloe Vera, rritet n\u00eb mbar\u00eb bot\u00ebn. Bima e njohur p\u00ebr vetit\u00eb e tyre sh\u00ebruese dhe zakonisht p\u00ebrdoret p\u00ebr sh\u00ebrim t\u00eb djegieve dhe irritimeve t\u00eb l\u00ebkur\u00ebs. Xheli i Aloe ver\u00ebs, q\u00eb p\u00ebrfitohet nga gjethet e bim\u00ebs, mund t\u00eb aplikohet n\u00eb m\u00ebnyr\u00eb lokale ose t\u00eb konsumohet si shtes\u00eb dietetike. Aloe Vera i takon familjes Liliaceae. Gjethe t\u00eb llojllojshme t\u00eb gjelbra n\u00eb form\u00eb rozete karakterizojn\u00eb Aloe Ver\u00ebn, q\u00eb \u00ebsht\u00eb e p\u00ebrkryer p\u00ebr hap\u00ebsira t\u00eb vogla.<\/span><\/p>\n<p><span style=\"color: #000000;\">Shum\u00eb kultura t\u00eb lashta kan\u00eb p\u00ebrdorur Aloe Vera p\u00ebr kujdes t\u00eb l\u00ebkur\u00ebs, duke p\u00ebrfshir\u00eb edhe Kleopatr\u00ebn. Me shekuj, gjethet e Aloe Ver\u00ebs jan\u00eb p\u00ebrdorru n\u00eb Azi p\u00ebr q\u00ebllime mjek\u00ebsore, madje edhe Kristof\u00ebr Kolumbo i ka p\u00ebrdorur ato p\u00ebr sh\u00ebrrimin e plag\u00ebve. Disa njer\u00ebz kan\u00eb pasur njofuri si ta f\u00ebrkojn\u00eb xhelin e Aloe Ver\u00ebs s\u00eb fresk\u00ebt n\u00eb trupat e tyre gjat\u00eb dit\u00ebs p\u00ebr t\u00eb parandaluar kafshimin e insekteve. Aloe Vera posedon veti p\u00ebr zbutjen e gjendjeve t\u00eb l\u00ebkur\u00ebs, si\u00e7 jan\u00eb kafshimet e insekteve dhe djegiet nga dielli kur aplikohet n\u00eb m\u00ebnyr\u00eb direkte mbi l\u00ebkur\u00ebn.<\/span><\/p>\n<p><span style=\"color: #000000;\">Cil\u00ebsia e produkteve prej Aloe Ver\u00ebs \u2013 La Vendita, u konfirmua me certifikat\u00ebn e Bashkimit Europian p\u00ebr bujq\u00ebsi organike, t\u00eb CAAE p\u00ebr produkte organike dhe me certifikat\u00ebn Extramadura p\u00ebr ushqim dhe produkte organike. P\u00ebrve\u00e7 k\u00ebsaj, kulturat e Aloe Ver\u00ebs jan\u00eb mb\u00ebshtetur edhe me standardet Global Gap p\u00ebr Good Agricultural Practices.<\/span>.<\/p>\n<p><span style=\"color: #000000;\"><img decoding=\"async\" class=\"alignnone wp-image-22433 size-thumbnail\" src=\"https:\/\/aloeorganic.mk\/wp-content\/uploads\/2023\/05\/eu-organic-logo-150x150.webp\" alt=\"\" width=\"150\" height=\"150\"><img decoding=\"async\" class=\"alignnone wp-image-22421 size-thumbnail\" src=\"https:\/\/aloeorganic.mk\/wp-content\/uploads\/2023\/05\/thumbnail-organic-150x150.webp\" alt=\"\" width=\"150\" height=\"150\"><img decoding=\"async\" class=\"alignnone wp-image-23000 size-thumbnail\" src=\"https:\/\/aloeorganic.mk\/wp-content\/uploads\/2023\/05\/100natural-150x150.png\" alt=\"\" width=\"150\" height=\"150\"><\/span><\/p>\n<table width=\"513\">\n<tbody>\n<tr>\n<td width=\"123\"><span style=\"color: #000000;\"><strong>Bima <\/strong><\/span><\/td>\n<td width=\"390\"><span style=\"color: #000000;\">Aloe Vera Barbadensis Miller n\u00eb saksi<\/span><\/td>\n<\/tr>\n<tr>\n<td width=\"123\"><span style=\"color: #000000;\"><strong>Karakteristika <\/strong><\/span><\/td>\n<td width=\"390\"><span style=\"color: #000000;\">Organike dhe natyrale<\/span><\/td>\n<\/tr>\n<tr>\n<td width=\"123\"><span style=\"color: #000000;\"><strong>Rritje brenda dhe jasht\u00eb<\/strong><\/span><\/td>\n<td width=\"390\"><span style=\"color: #000000;\">Brenda dhe jasht\u00eb<\/span><\/td>\n<\/tr>\n<tr>\n<td width=\"123\"><span style=\"color: #000000;\"><strong>Lart\u00ebsi:<\/strong><\/span><\/td>\n<td width=\"390\"><span style=\"color: #000000;\">rreth 40-45 cm<\/span><\/td>\n<\/tr>\n<tr>\n<td width=\"123\"><span style=\"color: #000000;\"><strong>Ngjyr\u00eb<\/strong><\/span><\/td>\n<td width=\"390\"><span style=\"color: #000000;\">bim\u00eb e gjelb\u00ebr n\u00eb form\u00eb rozete n\u00eb mes, e vendosur n\u00eb saksi t\u00eb bardh\u00eb moderne<\/span><\/td>\n<\/tr>\n<tr>\n<td width=\"123\"><span style=\"color: #000000;\"><strong>Bim\u00eb dekorative<\/strong><\/span><\/td>\n<td width=\"390\"><span style=\"color: #000000;\"><strong>nuk konsumohet!<\/strong><\/span><\/td>\n<\/tr>\n<tr>\n<td width=\"123\"><span style=\"color: #000000;\"><strong>Periudha e zakonshme e lul\u00ebzimit<\/strong><\/span><\/td>\n<td width=\"390\"><span style=\"color: #000000;\">ver\u00eb, n\u00eb fund t\u00eb ver\u00ebs, n\u00eb fillim t\u00eb vjesht\u00ebs, vjesht\u00eb<\/span><\/td>\n<\/tr>\n<tr>\n<td width=\"123\"><span style=\"color: #000000;\"><strong>Ekspozimi ndaj rrezeve t\u00eb diellit<\/strong><\/span><\/td>\n<td width=\"390\"><span style=\"color: #000000;\">Dielli i pjessh\u00ebm<\/span><\/td>\n<\/tr>\n<tr>\n<td width=\"123\"><span style=\"color: #000000;\"><strong>Vendndodhje:<\/strong><\/span><\/td>\n<td width=\"390\"><span style=\"color: #000000;\">vend i dritsh\u00ebm dhe i ngroht\u00eb af\u00ebr dritares<\/span><\/p>\n<p><span style=\"color: #000000;\">mund t\u00eb vendoset jasht\u00eb gjat\u00eb ver\u00ebs, por duhet t\u00eb p\u00ebrshtatet ngadal\u00eb ndaj rrezeve t\u00eb diellit<\/span><\/td>\n<\/tr>\n<tr>\n<td width=\"123\"><span style=\"color: #000000;\"><strong>Udh\u00ebzimet e kujdesit<\/strong><\/span><\/td>\n<td width=\"390\"><span style=\"color: #000000;\">ujitje dhe ushqyerje <\/span><\/td>\n<\/tr>\n<tr>\n<td width=\"123\"><span style=\"color: #000000;\"><strong>Ushqyerje:<\/strong><\/span><\/td>\n<td width=\"390\"><span style=\"color: #000000;\">gjat\u00eb Ver\u00ebs \u2013 \u00e7do 3-4 jav\u00eb<\/span><\/p>\n<p><span style=\"color: #000000;\">gjat\u00eb dimrit \u2013 aspak (fare)<\/span><\/td>\n<\/tr>\n<tr>\n<td width=\"123\"><span style=\"color: #000000;\"><strong>Uj\u00eb:<\/strong><\/span><\/td>\n<td width=\"390\"><span style=\"color: #000000;\">gjat\u00eb ver\u00ebs: 1\/2 gota uji \u00e7do dy deri tri jav\u00eb<\/span><\/p>\n<p><span style=\"color: #000000;\">gjat\u00eb dimrit: gjat\u00eb faz\u00ebs s\u00eb pushimit uj\u00eb shum\u00eb pak \u2013 ose n\u00ebse dhoma \u00ebsht\u00eb e ftoht\u00eb, aspak.<\/span><\/p>\n<p><span style=\"color: #000000;\">k\u00ebshill\u00eb: ujitni p\u00ebrs\u00ebri pasi dheu do t\u00eb thahet t\u00ebr\u00ebsisht.<\/span><\/td>\n<\/tr>\n<\/tbody>\n<\/table>\n<\/div>\n<h2>\n              <span style=\"color: #008000;\"><br \/>\n                <strong>M\u00ebnyra e p\u00ebrdorimit: <\/strong><br \/>\n              <\/span><br \/>\n            <\/h2>\n<\/p><\/div>\n<div class=\"row\">\n<p>            <span style=\"color: #000000;\">Bima e Aloe Ver\u00ebs rritet shum\u00eb mir\u00eb n\u00eb substrate t\u00eb pasura me materie organike. Kjo bim\u00eb nuk ka nevoj\u00eb p\u00ebr ujitje t\u00eb bollshme dhe prandaj duhet t\u00eb shmangen ujitjet e shpeshta. Gjithmon\u00eb duhet t\u00eb lihet nj\u00eb periudh\u00eb kohore nga nj\u00eb ujitje deri n\u00eb nj\u00eb ujitje tjet\u00ebr dhe dheu t\u00eb thahet p\u00ebrpara se t\u00eb ujitet prap\u00eb.<\/span><\/p>\n<p>            <span style=\"color: #000000;\">Mund t\u00eb ruhet brenda dhe jasht\u00eb. Ngricat e forta mund ta d\u00ebmtojn\u00eb bim\u00ebn dhe prandaj ajo duhet t\u00eb mbrohet gjat\u00eb muajve m\u00eb t\u00eb ftoht\u00eb.<\/span><\/p>\n<p>            <span style=\"color: #000000;\">Kujdeseni q\u00eb bima e Aloe Ver\u00ebs ta marr\u00eb nivelin e lart\u00eb t\u00eb drit\u00ebs.<\/span><\/p>\n<p>            <span style=\"color: #000000;\">M\u00eb shum\u00eb mund t\u00eb lexoni n\u00eb BLOG-un ton\u00eb <span style=\"color: #008000;\"><a style=\"color: #008000;\" href=\"https:\/\/aloeorganic.mk\/blog\/\"><strong>ALOE VERA<\/strong><\/a><\/span> lidhur me p\u00ebrdorimin e k\u00ebsaj bime sa i p\u00ebrket trajtimit t\u00eb gjendjeve t\u00eb l\u00ebkur\u00ebs.<\/span><\/p><\/div>\n<h2>\n            <span style=\"color: #008000;\"><br \/>\n              <strong>Aloe Vera n\u00eb hap\u00ebsir\u00eb t\u00eb brendshme:<\/strong><br \/>\n            <\/span><br \/>\n          <\/h2>\n<p>          <span style=\"color: #000000;\">Shtoni ndjenj\u00ebn e relaksimit dhe qet\u00ebsis\u00eb n\u00eb \u00e7do hap\u00ebsir\u00eb me bim\u00ebn e bukur t\u00eb Aloe Ver\u00ebs. Mund ta mbani ajrin n\u00eb sht\u00ebpin\u00eb tuaj t\u00eb fresk\u00ebt dhe t\u00eb past\u00ebr me bim\u00ebt e brendshme Aloe Ver\u00eb, q\u00eb sh\u00ebrbejn\u00eb si pastruesit natyral\u00eb t\u00eb ajrit. Zbukuroni tavolin\u00ebn tuaj, zyr\u00ebn ose dhom\u00ebn e fjetjes me k\u00ebt\u00eb bim\u00eb t\u00eb bukur me madh\u00ebsi p\u00ebrkat\u00ebse.<\/span><\/p>\n<h2>\n            <span style=\"color: #008000;\"><br \/>\n              <strong>Zgjidhja perfekte p\u00ebr t\u00eb dekoruar \u00e7do hap\u00ebsir\u00eb:<\/strong><br \/>\n            <\/span><br \/>\n          <\/h2>\n<p>          <span style=\"color: #000000;\">Dekorojeni hap\u00ebsir\u00ebn tuaj n\u00eb m\u00ebnyr\u00eb perfekte. Pa dallim a d\u00ebshironi ta zbukuroni zyr\u00ebn tuaj ose t\u00eb shtoni gjelb\u00ebrim n\u00eb dhom\u00ebn tuaj t\u00eb dit\u00ebs, bima e Aloe Ver\u00ebs posedon t\u00ebrheqjen e p\u00ebrgjetshme. B\u00ebjeni q\u00eb hap\u00ebsira juaj t\u00eb theksohet me k\u00ebt\u00eb bim\u00eb unike. Bima e Aloe Ver\u00ebs \u00ebsht\u00eb bima ideale q\u00eb ta vendosni n\u00eb qendr\u00ebn e tavolin\u00ebs suaj, n\u00eb tavolin\u00ebn an\u00ebsore ose n\u00eb tavolin\u00ebn e kafes p\u00ebr shkak t\u00eb natyr\u00ebs s\u00eb saj me rritje t\u00eb ul\u00ebt. Praktikisht, \u00e7do stil dekorimi dhe enterieri mund t\u00eb p\u00ebrshtatet ndaj bim\u00ebs s\u00eb Aloe Ver\u00ebs!<\/span><\/p>\n<p>          <span style=\"color: #000000;\">\u00c7do bim\u00eb e Aloe Ver\u00ebs rritet me kujdes t\u00eb ve\u00e7ant\u00eb dhe d\u00ebrgohet direkte n\u00eb serr\u00ebn e kompanis\u00eb La Vendita nga Spanja n\u00eb sht\u00ebpin\u00eb tuaj. Lart\u00ebsia e Aloe Ver\u00ebs \u00ebsht\u00eb pothuajse 40-45cm.<\/span><\/p>\n<h2>\n            <span style=\"color: #008000;\"><br \/>\n              <strong>Sjell lumturi dhe mir\u00ebqenie:<\/strong><br \/>\n            <\/span><br \/>\n          <\/h2>\n<p>          <span style=\"color: #000000;\">Bim\u00ebt na sigurojn\u00eb lumti dhe mir\u00ebqenie. Duke siguruar jet\u00eb, aj\u00ebr t\u00eb fresk\u00ebt dhe ndjenj\u00eb t\u00eb qet\u00ebsis\u00eb, ato rrisin disponimin tuaj dhe p\u00ebrmir\u00ebsojn\u00eb mir\u00ebqenien tuaj. Studimet e NASA-s tregojn\u00eb se bima p\u00ebrmir\u00ebsojn\u00eb disponimin dhe kreativitetin dhe reduktojn\u00eb stresin.<\/span><\/p>\n<h2>\n            <span style=\"color: #008000;\"><br \/>\n              <strong>Aloe Vera \u00ebsht\u00eb dhurat\u00eb perfekte p\u00ebr \u00e7do rast:<\/strong><br \/>\n            <\/span><br \/>\n          <\/h2>\n<p>          <span style=\"color: #000000;\">N\u00ebse d\u00ebshironi t\u2019u dhuroni t\u00eb dashurve tuaj nj\u00eb bim\u00eb, kjo mund ta b\u00ebni p\u00ebr \u00e7do rast, p.sh., dit\u00eblindje, p\u00ebrvjetor ose zbukurim i sht\u00ebpis\u00eb. \u00c7do bim\u00eb e Aloe Ver\u00ebs \u00ebsht\u00eb e paketuar mir\u00eb, e fresk\u00ebt dhe e gatshme p\u00ebr t\u00eb b\u00ebr\u00eb p\u00ebrshtypje me mesazhin tuaj personal.<\/span><\/p>\n<h2>\n            <span style=\"color: #008000;\"><br \/>\n              <strong>T\u00eb p\u00ebrgatitura p\u00ebr rritje:<\/strong><br \/>\n            <\/span><br \/>\n          <\/h2>\n<p>          <span style=\"color: #000000;\">Dor\u00ebzojm\u00eb bim\u00ebn tuaj t\u00eb re t\u00eb gjall\u00eb t\u00eb Aloe Ver\u00ebs p\u00ebr rritje n\u00eb kushte t\u00eb brendshme, t\u00eb paketuar mir\u00eb dhe me udh\u00ebzime p\u00ebr kujdes dhe rritje. Vendosni at\u00eb n\u00eb rrezet e diellit t\u00eb ndritshme dhe ujiteni me 1\/2 got\u00eb uji \u00e7do dy jav\u00eb p\u00ebr ta mbajtur at\u00eb t\u00eb lumtur, t\u00eb sh\u00ebndetshme dhe n\u00eb gjendje t\u00eb rritjes. Ndoshta kujdesi dhe ujitja do t\u00eb duhet q\u00eb t\u2019i p\u00ebrshtatni sipas mjedisit tuaj t\u00eb jetes\u00ebs. K\u00ebshill: Aloe Vera ka nevoj\u00eb prej shum\u00eb drit\u00ebs dhe n\u00ebse rritet ngadal\u00eb duhet ta ndryshoni vendin e saj q\u00eb ajo t\u00eb jet\u00eb n\u00eb gjendje q\u00eb ta shijoj\u00eb drit\u00ebn.<\/span><\/p>\n<h2>\n            <span style=\"color: #008000;\"><br \/>\n              <strong>T\u00eb dh\u00ebna teknike:<\/strong><br \/>\n            <\/span><br \/>\n          <\/h2>\n<p>          <span style=\"color: #000000;\">Aloe Vera n\u00eb saksi \u00ebsht\u00eb me cil\u00ebsi\u00eb t\u00eb shk\u00eblqyer dhe madh\u00ebsi t\u00eb jasht\u00ebzakonshme prej rreth 40-45 cm n\u00eb lart\u00ebsi. Pesha mesatare e secil\u00ebs bim\u00eb \u00ebsht\u00eb m\u00eb shum\u00eb se 2.5 kg.<\/span><\/p>\n<div class=\"row\">\n<div class=\"col-xl-4 col-lg-4 col-md-4 col-sm-12 col-12 mb-4\">\n<h2><span style=\"color: #008000;\"><strong>\u00c7far\u00eb duhet t\u00eb dini p\u00ebr ujitjen <\/strong><\/span><span style=\"color: #008000;\"><strong>:<\/strong><\/span><\/h2>\n<ul>\n<li><span style=\"color: #000000;\">M\u00eb s\u00eb mir\u00eb \u00ebsht\u00eb q\u00eb t\u00eb ujitni k\u00ebt\u00eb bim\u00eb nj\u00eb her\u00eb n\u00eb \u00e7do dy jav\u00eb me rreth 1\/2 got\u00eb uji, duke lejuar tepric\u00ebn e ujit t\u00eb derdhet. B\u00ebni p\u00ebrshtatje sipas mjedisit tuaj. Me r\u00ebnd\u00ebsi \u00ebsht\u00eb t\u00eb mos lejoni q\u00eb bima e Aloe Ver\u00ebs t\u00eb jet\u00eb n\u00eb uj\u00eb ose n\u00eb tok\u00eb me shum\u00eb lag\u00ebshti. \u00cbsht\u00eb m\u00eb pak e p\u00ebrshtatshme q\u00eb bima e Aloe Ver\u00ebs t\u00eb jet\u00eb n\u00eb tok\u00eb t\u00eb that\u00eb sesa n\u00eb tok\u00eb shum\u00eb t\u00eb lagur, prandaj keni kujdes q\u00eb t\u00eb mos ujitni shpesh. N\u00eb shumic\u00ebn e sht\u00ebpieve, bim\u00ebs s\u00eb Aloe Ver\u00ebs i nevojitet ujitje vet\u00ebm nj\u00eb her\u00eb n\u00eb \u00e7do dy ose tri jav\u00eb.<\/span><span style=\"color: #000000;\">K\u00ebshill\u00eb: Kontrolloni me nj\u00eb cop\u00eb driri a toka \u00ebsht\u00eb e lag\u00ebsht rreth bim\u00ebs. Bim\u00ebs suaj i nevojitet ujitje vet\u00ebm n\u00ebse copa e drurit \u00ebsht\u00eb e that\u00eb. N\u00ebse copa e drurit del me tok\u00eb t\u00eb ngjitur p\u00ebr t\u00eb, nuk ka nevoj\u00eb p\u00ebr ujitje.<\/span><\/li>\n<\/ul><\/div>\n<div class=\"col-xl-4 col-lg-4 col-md-4 col-sm-12 col-12 mb-4\">\n<h2>\n                <strong><br \/>\n                  <span style=\"color: #008000;\">Sa drit\u00eb i nevojitet Aloe Ver\u00ebs?<\/span><br \/>\n                <\/strong><br \/>\n              <\/h2>\n<ul>\n<li><span style=\"color: #000000;\">Rregulli i p\u00ebrgjithsh\u00ebm, kur b\u00ebhet fjal\u00eb p\u00ebr k\u00ebto sikulente \u00ebsht\u00eb se sa m\u00eb shum\u00eb drit\u00eb, aq m\u00eb mir\u00eb! Jan\u00eb p\u00ebrsosur p\u00ebr zbukurim t\u00eb dritave t\u00eb ndritshme, por Aloe Vera mund t\u00eb p\u00ebrparoj\u00eb edhe n\u00ebn dritat artificiale (ose p\u00ebrzierje t\u00eb rrezerve t\u00eb diellit dhe drit\u00ebs). Drita natyrale nuk \u00ebsht\u00eb e nevojshme q\u00eb t\u00eb p\u00ebrparojn\u00eb. Edhe n\u00ebn drit\u00ebn e tavolin\u00ebs ose drit\u00ebn tjet\u00ebr artificiale, k\u00ebto bim\u00eb do t\u00eb p\u00ebrparojn\u00eb! Me r\u00ebnd\u00ebsi \u00ebsht\u00eb q\u00eb sikulentet tuaj t\u00eb ken\u00eb drit\u00eb p\u00ebr t\u00eb pakt\u00ebn tri or\u00eb n\u00eb dit\u00eb, kudo q\u00eb t\u2019i mbani. Ofroni bim\u00ebs suaj t\u00eb Aloe Ver\u00ebs shum\u00eb drit\u00eb q\u00eb ta mbani at\u00eb t\u00eb lumtur.<\/span><\/li>\n<\/ul><\/div>\n<div class=\"col-xl-4 col-lg-4 col-md-4 col-sm-12 col-12 mb-4\">\n<h2><strong><span style=\"color: #008000;\">M\u00ebnyra m\u00eb e mir\u00eb e ushqyerjes <\/span><\/strong><strong><span style=\"color: #008000;\">:<\/span><\/strong><\/h2>\n<ul>\n<li><span style=\"color: #000000;\">Gjat\u00eb dor\u00ebzimit, bima e Aloe Ver\u00ebs \u00ebsht\u00eb e lart\u00eb pothuajse 40-45cm, e matur nga fundi i en\u00ebs deri n\u00eb maj\u00eb. Shkalla e rritjes s\u00eb Aloe Ver\u00ebs \u00ebsht\u00eb e moderuar n\u00eb var\u00ebsi t\u00eb asaj se sa mir\u00eb \u00ebsht\u00eb e rritur dhe n\u00eb \u00e7far\u00eb mjedis rritet. Stimuloni at\u00eb gjat\u00eb muajve t\u00eb ngroht\u00eb t\u00eb pranVer\u00ebs dhe ver\u00ebs, duke ushqyer me preparate q\u00eb jan\u00eb destinuar p\u00ebr bim\u00ebt n\u00eb saksi. Ndiqni udh\u00ebzimet sa i p\u00ebrket ushqyerjes s\u00eb bim\u00ebs q\u00eb gjenden n\u00eb paketimin, me q\u00ebllim t\u00eb p\u00ebrdorimit m\u00eb t\u00eb mir\u00eb. Bima duhet t\u00eb mbillet n\u00eb nj\u00eb saksi tjet\u00ebr kur do ta tejkaloj\u00eb aktualen. Pasi do t\u00eb nxirrni but\u00ebsisht Aloe Ver\u00ebn nga saksia aktuale, vendosni at\u00eb n\u00eb nj\u00eb m\u00eb t\u00eb madhe. T\u00eb gjitha vende boshe duhet t\u00eb plot\u00ebsohen me dheu t\u00eb ri dhe t\u00eb ujitet n\u00eb m\u00ebnyr\u00eb t\u00eb bollshme. K\u00ebshill\u00eb: Bim\u00ebs s\u00eb Aloe Ver\u00ebs nuk i nevojitet ndonj\u00eb pleh ose ushqyerje t\u00eb ve\u00e7ant\u00eb, \u00e7do pleh i destinua rp\u00ebr p\u00ebrdorim t\u00eb bim\u00ebve n\u00eb hap\u00ebsir\u00eb t\u00eb brendshme \u00ebsht\u00eb zgjidhje e mir\u00eb.<\/span><\/li>\n<\/ul><\/div>\n<\/p><\/div>\n<h2>\n            <strong><br \/>\n              <span style=\"color: #008000;\">Zbulo m\u00eb shum\u00eb!<\/span><br \/>\n            <\/strong><br \/>\n          <\/h2>\n<p>          <span style=\"color: #000000;\">Bim\u00ebt e Aloe Ver\u00ebs n\u00eb p\u00ebrgjith\u00ebsi konsiderohen si t\u00eb lehta p\u00ebr t\u2019u rritur, sepse nuk kan\u00eb nevoj\u00eb nga shum\u00eb uj\u00eb, nuk duhet t\u00eb mbillen shpesh p\u00ebr shkak se kan\u00eb rr\u00ebnj\u00eb t\u00eb vogla dhe me kujdes t\u00eb mir\u00eb zgjasin me dekada. N\u00ebse keni tendenc\u00eb q\u00eb ti ujitni bim\u00ebt, ju k\u00ebshillojm\u00eb q\u00eb t\u00eb zgjidhni nj\u00eb saksi me vrima n\u00eb fund p\u00ebr derdhjen e ujit t\u00eb tep\u00ebrt. Bim\u00ebt jan\u00eb gjall\u00ebse; secila prej tyre \u00ebsht\u00eb unike, k\u00ebshtu q\u00eb bima q\u00eb do ta blini mund t\u00eb dallohet nga ajo n\u00eb fotografin\u00eb. Bim\u00ebt m\u00eb cil\u00ebsore t\u00eb Aloe ver\u00ebs nga kompania La Vendita paketohen dhe dor\u00ebzohen me kujdes t\u00eb madh deri n\u00eb sht\u00ebpin\u00eb tuaj.<\/span><\/p>\n<p>          <span style=\"color: #000000;\">Popullariteti i Aloe Ver\u00ebs \u00ebsht\u00eb i pakrahasuesh\u00ebm me asnj\u00eb bim\u00eb tjet\u00ebr. Aloe Vera \u00ebsht\u00eb shum\u00eb e k\u00ebrkuar nga shum\u00eb guru t\u00eb bukuris\u00eb n\u00eb mbar\u00eb bot\u00ebn dhe duhet t\u00eb jet\u00eb pjes\u00eb e rutis\u00eb son\u00eb t\u00eb p\u00ebrditshme! Thuhet se Nefertiti dhe Kleopatra \u00e7do dit\u00eb kan\u00eb p\u00ebrdorur bim\u00ebn e Aloe Ver\u00ebs si pjes\u00eb e rutin\u00ebs s\u00eb tyre t\u00eb bukuris\u00eb. Q\u00eb mij\u00ebra vite m\u00eb par\u00eb, \u201czambaku i shkret\u00ebtir\u00ebs\u201d p\u00ebrdoret p\u00ebr shum\u00eb destinime dhe sot g\u00ebzon reputacionin jasht\u00ebzakonisht t\u00eb mir\u00eb.<\/span><\/p>\n<p>          <span style=\"color: #000000;\">Q\u00ebllimi yn\u00eb \u00ebsht\u00eb q\u00eb t\u00eb dor\u00ebzojm\u00eb bim\u00eb t\u00eb sh\u00ebndetshme dhe t\u00eb bukura t\u00eb kompanis\u00eb La Vendita greenhouse n\u00eb sht\u00ebpin\u00eb tuaj. Bima e Aloe Ver\u00ebs n\u00eb saksi nuk destinohet p\u00ebr ushqim t\u00eb njer\u00ebzve ose kafsh\u00ebve. T\u00eb ruhet m\u00eb larg f\u00ebmij\u00ebve dhe kafsh\u00ebve sht\u00ebpiake.<\/span><\/p>\n","protected":false},"excerpt":{"rendered":"<p><span style=\"color: #000000;\">Me bim\u00ebn e Aloe Ver\u00ebs n\u00eb saksi, sht\u00ebpis\u00eb suaj definitivisht do t\u2019i shtohet freski. Nj\u00eb prej m\u00ebnyrave m\u00eb t\u00eb lehta p\u00ebr ta zbukuruar sht\u00ebpin\u00eb tuaj \u00ebsht\u00eb q\u00eb t\u00eb shtoni gjelb\u00ebrim n\u00eb t\u00eb. Gjithashtu, paraqet nj\u00eb zgjidhje popullore p\u00ebr rritje n\u00eb ambiente t\u00eb mbyllura, sepse mund t\u00eb rritet n\u00eb kushte t\u00eb ndryshme. Rritja e bim\u00ebs s\u00eb Aloe Ver\u00ebs n\u00eb saksi \u00ebsht\u00eb m\u00ebnyra m\u00eb e leht\u00eb p\u00ebr t\u00eb pasur gjithmon\u00eb n\u00eb dispozicion p\u00ebrfitimet q\u00eb xheli i Aloe Ver\u00ebs i ofron. P\u00ebrve\u00e7 k\u00ebsaj, bima e Aloe Ver\u00ebs posedon\u00eb veti p\u00ebr pastrimin e ajrit n\u00eb sht\u00ebpin\u00eb tuaj. Gjithashtu, Aloe Vera njihet si pastruese natyrale e ajrit, mund t\u00eb ndihmoj\u00eb n\u00eb largimin e formaldehisit dhe benzenit nga ajri n\u00eb sht\u00ebpin\u00eb tuaj. P\u00ebrve\u00e7 k\u00ebsaj, p\u00ebrdoret edhe p\u00ebr hidratim t\u00eb thell\u00eb t\u00eb l\u00ebkur\u00ebs, kund\u00ebr rrudhave, si dhe p\u00ebr trajtimin e djegieve t\u00eb l\u00ebkur\u00ebs, acarimeve dhe gjendjeve t\u00eb ndryshme t\u00eb l\u00ebkur\u00ebs.<\/span><\/p>\n<p><span style=\"color: #000000;\">Gjethja e Aloe Ver\u00ebs s\u00eb fresk\u00ebt p\u00ebrmban mbi 200 p\u00ebrb\u00ebrje aktive biologjike, si\u00e7 jan\u00eb vitamina, minerale, enzima, aminoacide, polisakaride, sheqerna natyrale dhe p\u00ebrb\u00ebrje t\u00eb tjera bioaktive. \u00cbsht\u00eb e pasur me vitaminat A, C, E dhe e grupit B, duke p\u00ebrfshir\u00eb B12 dhe acidin folik. \u00cbsht\u00eb e pasur edhe me minerale, si\u00e7 jan\u00eb kalciumi, magnezi, natriumi, bakri, mangani, kaliumi, zinku, kromi dhe hekuri. P\u00ebrmban kolagjen dhe elastin\u00eb. <\/span><\/p>\n<p>\u00c7mimi p\u00ebrfshihen TVSH 18%<\/p>\n","protected":false},"featured_media":28343,"comment_status":"closed","ping_status":"closed","template":"","meta":[],"product_cat":[32],"product_tag":[],"_links":{"self":[{"href":"https:\/\/aloeorganic.mk\/sq\/wp-json\/wp\/v2\/product\/28340"}],"collection":[{"href":"https:\/\/aloeorganic.mk\/sq\/wp-json\/wp\/v2\/product"}],"about":[{"href":"https:\/\/aloeorganic.mk\/sq\/wp-json\/wp\/v2\/types\/product"}],"replies":[{"embeddable":true,"href":"https:\/\/aloeorganic.mk\/sq\/wp-json\/wp\/v2\/comments?post=28340"}],"wp:featuredmedia":[{"embeddable":true,"href":"https:\/\/aloeorganic.mk\/sq\/wp-json\/wp\/v2\/media\/28343"}],"wp:attachment":[{"href":"https:\/\/aloeorganic.mk\/sq\/wp-json\/wp\/v2\/media?parent=28340"}],"wp:term":[{"taxonomy":"product_cat","embeddable":true,"href":"https:\/\/aloeorganic.mk\/sq\/wp-json\/wp\/v2\/product_cat?post=28340"},{"taxonomy":"product_tag","embeddable":true,"href":"https:\/\/aloeorganic.mk\/sq\/wp-json\/wp\/v2\/product_tag?post=28340"}],"curies":[{"name":"wp","href":"https:\/\/api.w.org\/{rel}","templated":true}]}}